{"id":264,"date":"2016-05-12T17:48:05","date_gmt":"2016-05-12T15:48:05","guid":{"rendered":"http:\/\/conselloevanxelico.org\/wp\/?page_id=264"},"modified":"2023-03-22T00:45:45","modified_gmt":"2023-03-21T23:45:45","slug":"asistencia-religiosa","status":"publish","type":"page","link":"https:\/\/conselloevanxelico.org\/gl\/consejerias\/asistencia-religiosa\/","title":{"rendered":"Asistencia Relixiosa"},"content":{"rendered":"<p><\/p>\n<h2>Hospitalaria<\/h2>\n<p style=\"text-align: justify;\">A Consellar\u00eda de Asistencia Relixiosa Hospitalaria \u00e9 o departamento do Consello Evanx\u00e9lico de Galicia que se relaciona cos pastores, obreiros e responsables das Igrexas Evanx\u00e9licas na Comunidade Aut\u00f3noma de Galicia para fomentar a comuni\u00f3n, a formaci\u00f3n e o servizo \u00e1 sociedade. Prop\u00f3n a regulaci\u00f3n b\u00e1sica da asistencia relixiosa evanx\u00e9lica en establecementos p\u00fablicos. Fomenta a creaci\u00f3n e supervisi\u00f3n de capelan\u00edas nos entes p\u00fablicos de Galicia e onde fose preciso.<\/p>\n<p style=\"margin: 0cm;\">Conselleiro<\/p>\n<p style=\"margin: 0cm;\"><strong>Jos\u00e9 Antonio Garc\u00eda V\u00e1zquez<\/strong><b><br \/>\n<\/b>correo: <a href=\"mailto:arehospitalaria@conselloevanxelico.org\">arehospitalaria@conselloevanxelico.org<\/a><\/p>\n<p><strong>\u00a0<\/strong><\/p>\n<h2>Penal<\/h2>\n<p style=\"text-align: justify;\">A Consellar\u00eda de Asistencia Relixiosa\u00a0<span style=\"font-size: 1rem;\">Penal<\/span><span style=\"font-size: 1rem;\"> \u00e9 o departamento do Consello Evanx\u00e9lico de Galicia que se relaciona cos pastores, obreiros e responsables das Igrexas Evanx\u00e9licas na Comunidade Aut\u00f3noma de Galicia para fomentar a comuni\u00f3n, a formaci\u00f3n e o servixo \u00e1 sociedade a trav\u00e9s do apoio espiritual ao preso. Prop\u00f3n la regulaci\u00f3n b\u00e1sica da asistencia relixiosa evanx\u00e9lica penal nas c\u00e1rceres sitas na Comunidade Aut\u00f3noma de Galicia. Promove a formaci\u00f3n dos voluntarios nas c\u00e1rceres de Galicia conforme aos fins desta consellar\u00eda.<\/span><\/p>\n<p style=\"margin: 0cm;\">Conselleiro<br \/>\n<strong>Fernando N\u00fa\u00f1ez Freire<\/strong><b><br \/>\n<\/b>correo:<a href=\"mailto:\u00a0arepenitenciaria@conselloevanxelico.org\">\u00a0arepenitenciaria@conselloevanxelico.org<\/a><\/p>\n<p>&nbsp;<\/p>\n<p><\/p>","protected":false},"excerpt":{"rendered":"<p>Hospitalaria A Consellar\u00eda de Asistencia Relixiosa Hospitalaria \u00e9 o departamento do Consello Evanx\u00e9lico de Galicia que se relaciona cos pastores, obreiros e responsables das Igrexas [&hellip;]<\/p>\n","protected":false},"author":6,"featured_media":0,"parent":255,"menu_order":2,"comment_status":"closed","ping_status":"closed","template":"","meta":{"footnotes":""},"class_list":["post-264","page","type-page","status-publish","hentry"],"_links":{"self":[{"href":"https:\/\/conselloevanxelico.org\/gl\/wp-json\/wp\/v2\/pages\/264","targetHints":{"allow":["GET"]}}],"collection":[{"href":"https:\/\/conselloevanxelico.org\/gl\/wp-json\/wp\/v2\/pages"}],"about":[{"href":"https:\/\/conselloevanxelico.org\/gl\/wp-json\/wp\/v2\/types\/page"}],"author":[{"embeddable":true,"href":"https:\/\/conselloevanxelico.org\/gl\/wp-json\/wp\/v2\/users\/6"}],"replies":[{"embeddable":true,"href":"https:\/\/conselloevanxelico.org\/gl\/wp-json\/wp\/v2\/comments?post=264"}],"version-history":[{"count":0,"href":"https:\/\/conselloevanxelico.org\/gl\/wp-json\/wp\/v2\/pages\/264\/revisions"}],"up":[{"embeddable":true,"href":"https:\/\/conselloevanxelico.org\/gl\/wp-json\/wp\/v2\/pages\/255"}],"wp:attachment":[{"href":"https:\/\/conselloevanxelico.org\/gl\/wp-json\/wp\/v2\/media?parent=264"}],"curies":[{"name":"wp","href":"https:\/\/api.w.org\/{rel}","templated":true}]}}